{"id":15,"date":"2023-09-25T16:21:24","date_gmt":"2023-09-25T14:21:24","guid":{"rendered":"https:\/\/www.progettoindaco.it\/coorte-nati\/?page_id=15"},"modified":"2024-10-22T17:18:21","modified_gmt":"2024-10-22T15:18:21","slug":"partecipa","status":"publish","type":"page","link":"https:\/\/www.progettoindaco.it\/coorte-nati\/partecipa\/","title":{"rendered":"Partecipa al progetto"},"content":{"rendered":"\t\t<div data-elementor-type=\"wp-page\" data-elementor-id=\"15\" class=\"elementor elementor-15\" data-elementor-post-type=\"page\">\n\t\t\t\t\t\t<section class=\"elementor-section elementor-top-section elementor-element elementor-element-54432ce elementor-section-boxed elementor-section-height-default elementor-section-height-default\" data-id=\"54432ce\" data-element_type=\"section\" data-settings=\"{&quot;background_background&quot;:&quot;classic&quot;}\">\n\t\t\t\t\t\t<div class=\"elementor-container elementor-column-gap-default\">\n\t\t\t\t\t<div class=\"elementor-column elementor-col-100 elementor-top-column elementor-element elementor-element-35d1cda\" data-id=\"35d1cda\" data-element_type=\"column\">\n\t\t\t<div class=\"elementor-widget-wrap elementor-element-populated\">\n\t\t\t\t\t\t<div class=\"elementor-element elementor-element-ea3d8b1 elementor-widget elementor-widget-heading\" data-id=\"ea3d8b1\" data-element_type=\"widget\" data-widget_type=\"heading.default\">\n\t\t\t\t<div class=\"elementor-widget-container\">\n\t\t\t\t\t<h1 class=\"elementor-heading-title elementor-size-default\">Partecipa al progetto<\/h1>\t\t\t\t<\/div>\n\t\t\t\t<\/div>\n\t\t\t\t\t<\/div>\n\t\t<\/div>\n\t\t\t\t\t<\/div>\n\t\t<\/section>\n\t\t\t\t<section class=\"elementor-section elementor-top-section elementor-element elementor-element-5d92914 elementor-section-boxed elementor-section-height-default elementor-section-height-default\" data-id=\"5d92914\" data-element_type=\"section\" data-settings=\"{&quot;shape_divider_top&quot;:&quot;mountains&quot;}\">\n\t\t\t\t\t<div class=\"elementor-shape elementor-shape-top\" aria-hidden=\"true\" data-negative=\"false\">\n\t\t\t<svg xmlns=\"http:\/\/www.w3.org\/2000\/svg\" viewBox=\"0 0 1000 100\" preserveAspectRatio=\"none\">\n\t<path class=\"elementor-shape-fill\" opacity=\"0.33\" d=\"M473,67.3c-203.9,88.3-263.1-34-320.3,0C66,119.1,0,59.7,0,59.7V0h1000v59.7 c0,0-62.1,26.1-94.9,29.3c-32.8,3.3-62.8-12.3-75.8-22.1C806,49.6,745.3,8.7,694.9,4.7S492.4,59,473,67.3z\"\/>\n\t<path class=\"elementor-shape-fill\" opacity=\"0.66\" d=\"M734,67.3c-45.5,0-77.2-23.2-129.1-39.1c-28.6-8.7-150.3-10.1-254,39.1 s-91.7-34.4-149.2,0C115.7,118.3,0,39.8,0,39.8V0h1000v36.5c0,0-28.2-18.5-92.1-18.5C810.2,18.1,775.7,67.3,734,67.3z\"\/>\n\t<path class=\"elementor-shape-fill\" d=\"M766.1,28.9c-200-57.5-266,65.5-395.1,19.5C242,1.8,242,5.4,184.8,20.6C128,35.8,132.3,44.9,89.9,52.5C28.6,63.7,0,0,0,0 h1000c0,0-9.9,40.9-83.6,48.1S829.6,47,766.1,28.9z\"\/>\n<\/svg>\t\t<\/div>\n\t\t\t\t\t<div class=\"elementor-container elementor-column-gap-default\">\n\t\t\t\t\t<div class=\"elementor-column elementor-col-100 elementor-top-column elementor-element elementor-element-93dba64\" data-id=\"93dba64\" data-element_type=\"column\">\n\t\t\t<div class=\"elementor-widget-wrap\">\n\t\t\t\t\t\t\t<\/div>\n\t\t<\/div>\n\t\t\t\t\t<\/div>\n\t\t<\/section>\n\t\t<div class=\"elementor-element elementor-element-172a12c e-flex e-con-boxed e-con e-parent\" data-id=\"172a12c\" data-element_type=\"container\">\n\t\t\t\t\t<div class=\"e-con-inner\">\n\t\t<div class=\"elementor-element elementor-element-e08fc70 e-con-full e-flex e-con e-child\" data-id=\"e08fc70\" data-element_type=\"container\">\n\t\t<div class=\"elementor-element elementor-element-1642b5c e-con-full e-flex e-con e-child\" data-id=\"1642b5c\" data-element_type=\"container\" data-settings=\"{&quot;background_background&quot;:&quot;classic&quot;}\">\n\t\t\t\t<div class=\"elementor-element elementor-element-08b44c9 elementor-widget elementor-widget-heading\" data-id=\"08b44c9\" data-element_type=\"widget\" data-widget_type=\"heading.default\">\n\t\t\t\t<div class=\"elementor-widget-container\">\n\t\t\t\t\t<h1 class=\"elementor-heading-title elementor-size-default\">CHI PU\u00d2 PARTECIPARE?<\/h1>\t\t\t\t<\/div>\n\t\t\t\t<\/div>\n\t\t\t\t<div class=\"elementor-element elementor-element-3f1e244 elementor-widget-divider--view-line elementor-widget elementor-widget-divider\" data-id=\"3f1e244\" data-element_type=\"widget\" data-widget_type=\"divider.default\">\n\t\t\t\t<div class=\"elementor-widget-container\">\n\t\t\t\t\t\t\t<div class=\"elementor-divider\">\n\t\t\t<span class=\"elementor-divider-separator\">\n\t\t\t\t\t\t<\/span>\n\t\t<\/div>\n\t\t\t\t\t\t<\/div>\n\t\t\t\t<\/div>\n\t\t\t\t<div class=\"elementor-element elementor-element-fa81c59 elementor-widget elementor-widget-text-editor\" data-id=\"fa81c59\" data-element_type=\"widget\" data-widget_type=\"text-editor.default\">\n\t\t\t\t<div class=\"elementor-widget-container\">\n\t\t\t\t\t\t\t\t\t<strong><span style=\"color: #ffffff;\"> Le donne in gravidanza (tranne le gravidanze gemellari), maggiorenni e residenti in uno dei Comuni del SIN Valle del Sacco: Anagni, Arce, Artena, Castro dei Volsci, Ceccano, Ceprano, Colleferro, Falvaterra, Ferentino, Frosinone, Gavignano, Morolo, Paliano, Pastena, Patrica, Pofi, Segni, Sgurgola, Supino.  <\/span><\/strong>\t\t\t\t\t\t\t\t<\/div>\n\t\t\t\t<\/div>\n\t\t\t\t<\/div>\n\t\t<div class=\"elementor-element elementor-element-d5b9933 e-con-full e-flex e-con e-child\" data-id=\"d5b9933\" data-element_type=\"container\" data-settings=\"{&quot;background_background&quot;:&quot;classic&quot;}\">\n\t\t\t\t<div class=\"elementor-element elementor-element-5fd5b33 elementor-widget elementor-widget-heading\" data-id=\"5fd5b33\" data-element_type=\"widget\" data-widget_type=\"heading.default\">\n\t\t\t\t<div class=\"elementor-widget-container\">\n\t\t\t\t\t<h2 class=\"elementor-heading-title elementor-size-default\">COSA SIGNIFICA PARTECIPARE?<\/h2>\t\t\t\t<\/div>\n\t\t\t\t<\/div>\n\t\t\t\t<div class=\"elementor-element elementor-element-44e7439 elementor-widget-divider--view-line elementor-widget elementor-widget-divider\" data-id=\"44e7439\" data-element_type=\"widget\" data-widget_type=\"divider.default\">\n\t\t\t\t<div class=\"elementor-widget-container\">\n\t\t\t\t\t\t\t<div class=\"elementor-divider\">\n\t\t\t<span class=\"elementor-divider-separator\">\n\t\t\t\t\t\t<\/span>\n\t\t<\/div>\n\t\t\t\t\t\t<\/div>\n\t\t\t\t<\/div>\n\t\t\t\t<div class=\"elementor-element elementor-element-cc452ba elementor-widget elementor-widget-text-editor\" data-id=\"cc452ba\" data-element_type=\"widget\" data-widget_type=\"text-editor.default\">\n\t\t\t\t<div class=\"elementor-widget-container\">\n\t\t\t\t\t\t\t\t\t<strong><span style=\"color: #ffffff;\">\nLa partecipazione \u00e8 libera e volontaria. Permette di entrare in un percorso per \u201ccrescere insieme\u201d, fatto di informazioni sulle buone pratiche per la salute delle bambine e dei bambini e di un programma di sorveglianza attiva in collaborazione con il proprio pediatra di base.<\/span><\/strong>\t\t\t\t\t\t\t\t<\/div>\n\t\t\t\t<\/div>\n\t\t\t\t<\/div>\n\t\t<div class=\"elementor-element elementor-element-2130465 e-con-full e-flex e-con e-child\" data-id=\"2130465\" data-element_type=\"container\" data-settings=\"{&quot;background_background&quot;:&quot;classic&quot;}\">\n\t\t\t\t<div class=\"elementor-element elementor-element-88f85c9 elementor-widget elementor-widget-heading\" data-id=\"88f85c9\" data-element_type=\"widget\" data-widget_type=\"heading.default\">\n\t\t\t\t<div class=\"elementor-widget-container\">\n\t\t\t\t\t<h2 class=\"elementor-heading-title elementor-size-default\"><b>ENTRA NELLA COORTE<\/b><\/h2>\t\t\t\t<\/div>\n\t\t\t\t<\/div>\n\t\t\t\t<div class=\"elementor-element elementor-element-fc0ba2a elementor-widget-divider--view-line elementor-widget elementor-widget-divider\" data-id=\"fc0ba2a\" data-element_type=\"widget\" data-widget_type=\"divider.default\">\n\t\t\t\t<div class=\"elementor-widget-container\">\n\t\t\t\t\t\t\t<div class=\"elementor-divider\">\n\t\t\t<span class=\"elementor-divider-separator\">\n\t\t\t\t\t\t<\/span>\n\t\t<\/div>\n\t\t\t\t\t\t<\/div>\n\t\t\t\t<\/div>\n\t\t\t\t<div class=\"elementor-element elementor-element-46313e6 elementor-widget elementor-widget-text-editor\" data-id=\"46313e6\" data-element_type=\"widget\" data-widget_type=\"text-editor.default\">\n\t\t\t\t<div class=\"elementor-widget-container\">\n\t\t\t\t\t\t\t\t\t<strong><span style=\"color: #ffffff;\">Per partecipare \u00e8 necessario accedere alla piattaforma e registrarsi: tenere a portata di mano il codice fiscale e un documento d&#8217;identit\u00e0.\u00a0 Attraverso la piattaforma verranno inviati aggiornamenti sulle tappe dello studio INDACO &#8211; Coorte dei nati. <\/span><\/strong>\t\t\t\t\t\t\t\t<\/div>\n\t\t\t\t<\/div>\n\t\t\t\t<\/div>\n\t\t\t\t<\/div>\n\t\t\t\t\t<\/div>\n\t\t\t\t<\/div>\n\t\t<div class=\"elementor-element elementor-element-db2805a e-flex e-con-boxed e-con e-parent\" data-id=\"db2805a\" data-element_type=\"container\">\n\t\t\t\t\t<div class=\"e-con-inner\">\n\t\t\t\t<div class=\"elementor-element elementor-element-2e5c97c elementor-align-center elementor-widget elementor-widget-button\" data-id=\"2e5c97c\" data-element_type=\"widget\" data-widget_type=\"button.default\">\n\t\t\t\t<div class=\"elementor-widget-container\">\n\t\t\t\t\t\t\t\t\t<div class=\"elementor-button-wrapper\">\n\t\t\t\t\t<a class=\"elementor-button elementor-button-link elementor-size-sm\" href=\"https:\/\/indaconati.it\" target=\"_blank\" rel=\"nofollow\">\n\t\t\t\t\t\t<span class=\"elementor-button-content-wrapper\">\n\t\t\t\t\t\t\t\t\t<span class=\"elementor-button-text\">ACCEDI ALLA PIATTAFORMA <\/span>\n\t\t\t\t\t<\/span>\n\t\t\t\t\t<\/a>\n\t\t\t\t<\/div>\n\t\t\t\t\t\t\t\t<\/div>\n\t\t\t\t<\/div>\n\t\t<div class=\"elementor-element elementor-element-9b888b4 e-flex e-con-boxed e-con e-child\" data-id=\"9b888b4\" data-element_type=\"container\">\n\t\t\t\t\t<div class=\"e-con-inner\">\n\t\t<div class=\"elementor-element elementor-element-13dc2f5 e-con-full e-flex e-con e-child\" data-id=\"13dc2f5\" data-element_type=\"container\">\n\t\t\t\t<div class=\"elementor-element elementor-element-0bc0fe9 elementor-widget elementor-widget-heading\" data-id=\"0bc0fe9\" data-element_type=\"widget\" data-widget_type=\"heading.default\">\n\t\t\t\t<div class=\"elementor-widget-container\">\n\t\t\t\t\t<h2 class=\"elementor-heading-title elementor-size-default\">Partecipa al Progetto INDACO - Coorte dei nati <\/h2>\t\t\t\t<\/div>\n\t\t\t\t<\/div>\n\t\t\t\t<div class=\"elementor-element elementor-element-604ec6f elementor-widget-divider--view-line elementor-widget elementor-widget-divider\" data-id=\"604ec6f\" data-element_type=\"widget\" data-widget_type=\"divider.default\">\n\t\t\t\t<div class=\"elementor-widget-container\">\n\t\t\t\t\t\t\t<div class=\"elementor-divider\">\n\t\t\t<span class=\"elementor-divider-separator\">\n\t\t\t\t\t\t<\/span>\n\t\t<\/div>\n\t\t\t\t\t\t<\/div>\n\t\t\t\t<\/div>\n\t\t\t\t<\/div>\n\t\t<div class=\"elementor-element elementor-element-a93f258 e-con-full e-flex e-con e-child\" data-id=\"a93f258\" data-element_type=\"container\">\n\t\t\t\t<div class=\"elementor-element elementor-element-0a2a698 elementor-widget elementor-widget-text-editor\" data-id=\"0a2a698\" data-element_type=\"widget\" data-widget_type=\"text-editor.default\">\n\t\t\t\t<div class=\"elementor-widget-container\">\n\t\t\t\t\t\t\t\t\t<p><span style=\"text-align: var(--text-align);\"><b>Il progetto INDACO &#8211; Coorte dei nati mira a coinvolgere 500 coppie madre-bambino, per esaminare stili di vita ed esposizioni ambientali dall&#8217;inizio della gravidanza ai primi due anni di vita del bambino. <\/b>Quest&#8217;<\/span>area del sito nasce per informarti e promuovere la tua partecipazione e quella della tua bambina e del tuo bambino a questo progetto di ricerca<\/p><p>Partecipare significa:<\/p><ul><li>entrare in un percorso per \u201ccrescere insieme\u201d, pensando al futuro dei propri figli a partire dall\u2019ambiente;<\/li><li>ricevere periodicamente avvisi e informazioni sulle buone pratiche da adottare per promuovere la salute delle bambine e dei bambini;<\/li><li>partecipare a un programma di sorveglianza attiva e biomonitoraggio in collaborazione la rete territoriale dei pediatri di base.<\/li><\/ul><p><strong>Per partecipare accedere alla piattaforma del progetto e registrarsi.\u00a0<\/strong><\/p><p><span style=\"color: var( --e-global-color-text ); font-family: var( --e-global-typography-text-font-family ), Sans-serif; text-align: var(--text-align);\">\u00a0<\/span><\/p>\t\t\t\t\t\t\t\t<\/div>\n\t\t\t\t<\/div>\n\t\t\t\t<\/div>\n\t\t\t\t\t<\/div>\n\t\t\t\t<\/div>\n\t\t\t\t<div class=\"elementor-element elementor-element-59b80bc elementor-align-center elementor-widget elementor-widget-button\" data-id=\"59b80bc\" data-element_type=\"widget\" data-widget_type=\"button.default\">\n\t\t\t\t<div class=\"elementor-widget-container\">\n\t\t\t\t\t\t\t\t\t<div class=\"elementor-button-wrapper\">\n\t\t\t\t\t<a class=\"elementor-button elementor-button-link elementor-size-sm\" href=\"https:\/\/indaconati.it\" target=\"_blank\" rel=\"nofollow\">\n\t\t\t\t\t\t<span class=\"elementor-button-content-wrapper\">\n\t\t\t\t\t\t\t\t\t<span class=\"elementor-button-text\">ACCEDI ALLA PIATTAFORMA <\/span>\n\t\t\t\t\t<\/span>\n\t\t\t\t\t<\/a>\n\t\t\t\t<\/div>\n\t\t\t\t\t\t\t\t<\/div>\n\t\t\t\t<\/div>\n\t\t\t\t\t<\/div>\n\t\t\t\t<\/div>\n\t\t<div class=\"elementor-element elementor-element-79246d2 e-flex e-con-boxed e-con e-parent\" data-id=\"79246d2\" data-element_type=\"container\">\n\t\t\t\t\t<div class=\"e-con-inner\">\n\t\t\t\t<div class=\"elementor-element elementor-element-d79bc22 elementor-widget elementor-widget-heading\" data-id=\"d79bc22\" data-element_type=\"widget\" data-widget_type=\"heading.default\">\n\t\t\t\t<div class=\"elementor-widget-container\">\n\t\t\t\t\t<h2 class=\"elementor-heading-title elementor-size-default\">Le fasi del progetto <\/h2>\t\t\t\t<\/div>\n\t\t\t\t<\/div>\n\t\t\t\t<div class=\"elementor-element elementor-element-f61ef52 elementor-widget elementor-widget-timeline-widget-addon\" data-id=\"f61ef52\" data-element_type=\"widget\" data-widget_type=\"timeline-widget-addon.default\">\n\t\t\t\t<div class=\"elementor-widget-container\">\n\t\t\t\t\t<!-- ========= Timeline Widget  Addon For Elementor 1.6.18 ========= -->\n<div id=\"twae-wrapper-f61ef52\" class=\"twae-wrapper twae-horizontal-timeline\">\n<div class=\"twae-wrapper-inside\">\n <div id=\"twae-slider-container-f61ef52\" data-dir=\"\" data-slidestoshow=\"6\" data-autoplay=\"false\" data-auto-height=\"false\" class=\"twae-slider-container swiper-container\">\n <div  class=\"twae-slider-wrapper swiper-wrapper auto-height\"><!-- Start of Story Repeater Content --><div id=\"twae-article-bef99df\" class=\"twae-repeater-item twae-story swiper-slide twae-story-no-icon\"><!-- Story Label --><div class=\"twae-labels\"><div class=\"twae-label-big\">Registrazione<\/div><\/div><!-- Story Icon --><div class=\"twae-icon\"><i aria-hidden=\"true\" class=\"fas fa-sign-in-alt\"><\/i><\/div><!-- Story Arrow --><div class=\"twae-arrow\"><\/div><!-- Start of Story Content --><div class=\"twae-content\"><!-- Story Image --><div class=\"twae-media large\"><img fetchpriority=\"high\" decoding=\"async\" width=\"640\" height=\"641\" src=\"data:image\/gif;base64,R0lGODlhAQABAIAAAAAAAP\/\/\/yH5BAEAAAAALAAAAAABAAEAAAIBRAA7\" data-src=\"https:\/\/www.progettoindaco.it\/coorte-nati\/wp-content\/uploads\/2024\/03\/Friends-woman-ok.png\" class=\"attachment-large size-large lazyload\" alt=\"\" data-srcset=\"https:\/\/www.progettoindaco.it\/coorte-nati\/wp-content\/uploads\/2024\/03\/Friends-woman-ok.png 1000w, https:\/\/www.progettoindaco.it\/coorte-nati\/wp-content\/uploads\/2024\/03\/Friends-woman-ok-300x300.png 300w, https:\/\/www.progettoindaco.it\/coorte-nati\/wp-content\/uploads\/2024\/03\/Friends-woman-ok-150x150.png 150w, https:\/\/www.progettoindaco.it\/coorte-nati\/wp-content\/uploads\/2024\/03\/Friends-woman-ok-768x769.png 768w\" sizes=\"(max-width: 640px) 100vw, 640px\" \/><noscript><img decoding=\"async\" width=\"640\" height=\"641\" src=\"https:\/\/www.progettoindaco.it\/coorte-nati\/wp-content\/uploads\/2024\/03\/Friends-woman-ok.png\" class=\"attachment-large size-large lazyload\" alt=\"\" srcset=\"https:\/\/www.progettoindaco.it\/coorte-nati\/wp-content\/uploads\/2024\/03\/Friends-woman-ok.png 1000w, https:\/\/www.progettoindaco.it\/coorte-nati\/wp-content\/uploads\/2024\/03\/Friends-woman-ok-300x300.png 300w, https:\/\/www.progettoindaco.it\/coorte-nati\/wp-content\/uploads\/2024\/03\/Friends-woman-ok-150x150.png 150w, https:\/\/www.progettoindaco.it\/coorte-nati\/wp-content\/uploads\/2024\/03\/Friends-woman-ok-768x769.png 768w\" sizes=\"(max-width: 640px) 100vw, 640px\" \/><\/noscript><\/div><!-- Story Title --><div class=\"twae-title\">1. Registrazione alla piattaforma<\/div><!-- Story Description --><div class=\"twae-description\"><p>La registrazione permetter\u00e0 di essere informate sulle tappe dello studio via\u00a0e-mail o whatsapp.<\/p><\/div><\/div><\/div><!-- Start of Story Repeater Content --><div id=\"twae-article-4aa6004\" class=\"twae-repeater-item twae-story swiper-slide twae-story-no-icon\"><!-- Story Label --><div class=\"twae-labels\"><div class=\"twae-label-big twae-label-big\">4\u00b0-8\u00b0 mese di gravidanza<\/div><\/div><!-- Story Icon --><div class=\"twae-icon\"><i aria-hidden=\"true\" class=\"fas fa-female\"><\/i><\/div><!-- Story Arrow --><div class=\"twae-arrow\"><\/div><!-- Start of Story Content --><div class=\"twae-content\"><!-- Story Image --><div class=\"twae-media large\"><img decoding=\"async\" width=\"640\" height=\"641\" src=\"data:image\/gif;base64,R0lGODlhAQABAIAAAAAAAP\/\/\/yH5BAEAAAAALAAAAAABAAEAAAIBRAA7\" data-src=\"https:\/\/www.progettoindaco.it\/coorte-nati\/wp-content\/uploads\/2024\/03\/Benvenuta.png\" class=\"attachment-large size-large lazyload\" alt=\"\" data-srcset=\"https:\/\/www.progettoindaco.it\/coorte-nati\/wp-content\/uploads\/2024\/03\/Benvenuta.png 1000w, https:\/\/www.progettoindaco.it\/coorte-nati\/wp-content\/uploads\/2024\/03\/Benvenuta-300x300.png 300w, https:\/\/www.progettoindaco.it\/coorte-nati\/wp-content\/uploads\/2024\/03\/Benvenuta-150x150.png 150w, https:\/\/www.progettoindaco.it\/coorte-nati\/wp-content\/uploads\/2024\/03\/Benvenuta-768x769.png 768w\" sizes=\"(max-width: 640px) 100vw, 640px\" \/><noscript><img loading=\"lazy\" decoding=\"async\" width=\"640\" height=\"641\" src=\"https:\/\/www.progettoindaco.it\/coorte-nati\/wp-content\/uploads\/2024\/03\/Benvenuta.png\" class=\"attachment-large size-large lazyload\" alt=\"\" srcset=\"https:\/\/www.progettoindaco.it\/coorte-nati\/wp-content\/uploads\/2024\/03\/Benvenuta.png 1000w, https:\/\/www.progettoindaco.it\/coorte-nati\/wp-content\/uploads\/2024\/03\/Benvenuta-300x300.png 300w, https:\/\/www.progettoindaco.it\/coorte-nati\/wp-content\/uploads\/2024\/03\/Benvenuta-150x150.png 150w, https:\/\/www.progettoindaco.it\/coorte-nati\/wp-content\/uploads\/2024\/03\/Benvenuta-768x769.png 768w\" sizes=\"(max-width: 640px) 100vw, 640px\" \/><\/noscript><\/div><!-- Story Title --><div class=\"twae-title twae-title\">2. Compilazione del questionario Pre-gravidanza<\/div><!-- Story Description --><div class=\"twae-description twae-description\"><p>A partire dal momento della registrazione sar\u00e0 possibile compilare un questionario che riguarda la mamma prima dell\u2019attuale gravidanza.<\/p><\/div><\/div><\/div><!-- Start of Story Repeater Content --><div id=\"twae-article-6de71cb\" class=\"twae-repeater-item twae-story swiper-slide twae-story-no-icon\"><!-- Story Label --><div class=\"twae-labels\"><div class=\"twae-label-big twae-label-big twae-label-big\">Diario<\/div><\/div><!-- Story Icon --><div class=\"twae-icon\"><i aria-hidden=\"true\" class=\"fas fa-file\"><\/i><\/div><!-- Story Arrow --><div class=\"twae-arrow\"><\/div><!-- Start of Story Content --><div class=\"twae-content\"><!-- Story Image --><div class=\"twae-media large\"><img loading=\"lazy\" decoding=\"async\" width=\"521\" height=\"719\" src=\"data:image\/gif;base64,R0lGODlhAQABAIAAAAAAAP\/\/\/yH5BAEAAAAALAAAAAABAAEAAAIBRAA7\" data-src=\"https:\/\/www.progettoindaco.it\/coorte-nati\/wp-content\/uploads\/2024\/04\/CoverDiario.jpg\" class=\"attachment-large size-large lazyload\" alt=\"\" data-srcset=\"https:\/\/www.progettoindaco.it\/coorte-nati\/wp-content\/uploads\/2024\/04\/CoverDiario.jpg 521w, https:\/\/www.progettoindaco.it\/coorte-nati\/wp-content\/uploads\/2024\/04\/CoverDiario-217x300.jpg 217w\" sizes=\"(max-width: 521px) 100vw, 521px\" \/><noscript><img loading=\"lazy\" decoding=\"async\" width=\"521\" height=\"719\" src=\"https:\/\/www.progettoindaco.it\/coorte-nati\/wp-content\/uploads\/2024\/04\/CoverDiario.jpg\" class=\"attachment-large size-large lazyload\" alt=\"\" srcset=\"https:\/\/www.progettoindaco.it\/coorte-nati\/wp-content\/uploads\/2024\/04\/CoverDiario.jpg 521w, https:\/\/www.progettoindaco.it\/coorte-nati\/wp-content\/uploads\/2024\/04\/CoverDiario-217x300.jpg 217w\" sizes=\"(max-width: 521px) 100vw, 521px\" \/><\/noscript><\/div><!-- Story Title --><div class=\"twae-title twae-title twae-title\">3. In regalo il Diario del primo anno di vita<\/div><!-- Story Description --><div class=\"twae-description twae-description twae-description\"><p>Dopo la compilazione del primo questionario sar\u00e0 possibile scaricare il Diario con informazioni utili per il benessere del bambino nel suo primo anno di vita.<\/p><\/div><\/div><\/div><!-- Start of Story Repeater Content --><div id=\"twae-article-1468fff\" class=\"twae-repeater-item twae-story swiper-slide twae-story-no-icon\"><!-- Story Label --><div class=\"twae-labels\"><div class=\"twae-label-big twae-label-big twae-label-big twae-label-big\">9\u00b0mese di gravidanza<\/div><\/div><!-- Story Icon --><div class=\"twae-icon\"><i aria-hidden=\"true\" class=\"fas fa-female\"><\/i><\/div><!-- Story Arrow --><div class=\"twae-arrow\"><\/div><!-- Start of Story Content --><div class=\"twae-content\"><!-- Story Image --><div class=\"twae-media large\"><img loading=\"lazy\" decoding=\"async\" width=\"640\" height=\"640\" src=\"data:image\/gif;base64,R0lGODlhAQABAIAAAAAAAP\/\/\/yH5BAEAAAAALAAAAAABAAEAAAIBRAA7\" data-src=\"https:\/\/www.progettoindaco.it\/coorte-nati\/wp-content\/uploads\/2024\/03\/Pregnant-woman-with-flowers.png\" class=\"attachment-large size-large lazyload\" alt=\"\" data-srcset=\"https:\/\/www.progettoindaco.it\/coorte-nati\/wp-content\/uploads\/2024\/03\/Pregnant-woman-with-flowers.png 1000w, https:\/\/www.progettoindaco.it\/coorte-nati\/wp-content\/uploads\/2024\/03\/Pregnant-woman-with-flowers-300x300.png 300w, https:\/\/www.progettoindaco.it\/coorte-nati\/wp-content\/uploads\/2024\/03\/Pregnant-woman-with-flowers-150x150.png 150w, https:\/\/www.progettoindaco.it\/coorte-nati\/wp-content\/uploads\/2024\/03\/Pregnant-woman-with-flowers-768x768.png 768w\" sizes=\"(max-width: 640px) 100vw, 640px\" \/><noscript><img loading=\"lazy\" decoding=\"async\" width=\"640\" height=\"640\" src=\"https:\/\/www.progettoindaco.it\/coorte-nati\/wp-content\/uploads\/2024\/03\/Pregnant-woman-with-flowers.png\" class=\"attachment-large size-large lazyload\" alt=\"\" srcset=\"https:\/\/www.progettoindaco.it\/coorte-nati\/wp-content\/uploads\/2024\/03\/Pregnant-woman-with-flowers.png 1000w, https:\/\/www.progettoindaco.it\/coorte-nati\/wp-content\/uploads\/2024\/03\/Pregnant-woman-with-flowers-300x300.png 300w, https:\/\/www.progettoindaco.it\/coorte-nati\/wp-content\/uploads\/2024\/03\/Pregnant-woman-with-flowers-150x150.png 150w, https:\/\/www.progettoindaco.it\/coorte-nati\/wp-content\/uploads\/2024\/03\/Pregnant-woman-with-flowers-768x768.png 768w\" sizes=\"(max-width: 640px) 100vw, 640px\" \/><\/noscript><\/div><!-- Story Title --><div class=\"twae-title twae-title twae-title twae-title\">4. Compilazione del questionario Gravidanza<\/div><!-- Story Description --><div class=\"twae-description twae-description twae-description twae-description\"><p>Alla fine della gravidanza sar\u00e0 possibile compilare il questionario che riguarda la mamma durante la gravidanza.<\/p><\/div><\/div><\/div><!-- Start of Story Repeater Content --><div id=\"twae-article-21969b2\" class=\"twae-repeater-item twae-story swiper-slide twae-story-no-icon\"><!-- Story Label --><div class=\"twae-labels\"><div class=\"twae-label-big twae-label-big twae-label-big twae-label-big twae-label-big\">Nascita del bambino<\/div><\/div><!-- Story Icon --><div class=\"twae-icon\"><i aria-hidden=\"true\" class=\"fas fa-baby\"><\/i><\/div><!-- Story Arrow --><div class=\"twae-arrow\"><\/div><!-- Start of Story Content --><div class=\"twae-content\"><!-- Story Image --><div class=\"twae-media large\"><img loading=\"lazy\" decoding=\"async\" width=\"640\" height=\"640\" src=\"data:image\/gif;base64,R0lGODlhAQABAIAAAAAAAP\/\/\/yH5BAEAAAAALAAAAAABAAEAAAIBRAA7\" data-src=\"https:\/\/www.progettoindaco.it\/coorte-nati\/wp-content\/uploads\/2024\/03\/Flower-kid.png\" class=\"attachment-large size-large lazyload\" alt=\"\" data-srcset=\"https:\/\/www.progettoindaco.it\/coorte-nati\/wp-content\/uploads\/2024\/03\/Flower-kid.png 1000w, https:\/\/www.progettoindaco.it\/coorte-nati\/wp-content\/uploads\/2024\/03\/Flower-kid-300x300.png 300w, https:\/\/www.progettoindaco.it\/coorte-nati\/wp-content\/uploads\/2024\/03\/Flower-kid-150x150.png 150w, https:\/\/www.progettoindaco.it\/coorte-nati\/wp-content\/uploads\/2024\/03\/Flower-kid-768x768.png 768w\" sizes=\"(max-width: 640px) 100vw, 640px\" \/><noscript><img loading=\"lazy\" decoding=\"async\" width=\"640\" height=\"640\" src=\"https:\/\/www.progettoindaco.it\/coorte-nati\/wp-content\/uploads\/2024\/03\/Flower-kid.png\" class=\"attachment-large size-large lazyload\" alt=\"\" srcset=\"https:\/\/www.progettoindaco.it\/coorte-nati\/wp-content\/uploads\/2024\/03\/Flower-kid.png 1000w, https:\/\/www.progettoindaco.it\/coorte-nati\/wp-content\/uploads\/2024\/03\/Flower-kid-300x300.png 300w, https:\/\/www.progettoindaco.it\/coorte-nati\/wp-content\/uploads\/2024\/03\/Flower-kid-150x150.png 150w, https:\/\/www.progettoindaco.it\/coorte-nati\/wp-content\/uploads\/2024\/03\/Flower-kid-768x768.png 768w\" sizes=\"(max-width: 640px) 100vw, 640px\" \/><\/noscript><\/div><!-- Story Title --><div class=\"twae-title twae-title twae-title twae-title twae-title\">5. Compilazione del questionario Nascita<\/div><!-- Story Description --><div class=\"twae-description twae-description twae-description twae-description twae-description\"><p>Il questionario Nascita riguarda il bambino e pu\u00f2 essere compilato entro i primi 6 mesi di vita.<\/p><\/div><\/div><\/div><!-- Start of Story Repeater Content --><div id=\"twae-article-19a1179\" class=\"twae-repeater-item twae-story swiper-slide twae-story-no-icon\"><!-- Story Label --><div class=\"twae-labels\"><div class=\"twae-label-big twae-label-big twae-label-big twae-label-big twae-label-big twae-label-big\">Primo compleanno <\/div><\/div><!-- Story Icon --><div class=\"twae-icon\"><i aria-hidden=\"true\" class=\"fas fa-child\"><\/i><\/div><!-- Story Arrow --><div class=\"twae-arrow\"><\/div><!-- Start of Story Content --><div class=\"twae-content\"><!-- Story Image --><div class=\"twae-media large\"><img loading=\"lazy\" decoding=\"async\" width=\"640\" height=\"640\" src=\"data:image\/gif;base64,R0lGODlhAQABAIAAAAAAAP\/\/\/yH5BAEAAAAALAAAAAABAAEAAAIBRAA7\" data-src=\"https:\/\/www.progettoindaco.it\/coorte-nati\/wp-content\/uploads\/2024\/03\/Little-queen.png\" class=\"attachment-large size-large lazyload\" alt=\"\" data-srcset=\"https:\/\/www.progettoindaco.it\/coorte-nati\/wp-content\/uploads\/2024\/03\/Little-queen.png 1000w, https:\/\/www.progettoindaco.it\/coorte-nati\/wp-content\/uploads\/2024\/03\/Little-queen-300x300.png 300w, https:\/\/www.progettoindaco.it\/coorte-nati\/wp-content\/uploads\/2024\/03\/Little-queen-150x150.png 150w, https:\/\/www.progettoindaco.it\/coorte-nati\/wp-content\/uploads\/2024\/03\/Little-queen-768x768.png 768w\" sizes=\"(max-width: 640px) 100vw, 640px\" \/><noscript><img loading=\"lazy\" decoding=\"async\" width=\"640\" height=\"640\" src=\"https:\/\/www.progettoindaco.it\/coorte-nati\/wp-content\/uploads\/2024\/03\/Little-queen.png\" class=\"attachment-large size-large lazyload\" alt=\"\" srcset=\"https:\/\/www.progettoindaco.it\/coorte-nati\/wp-content\/uploads\/2024\/03\/Little-queen.png 1000w, https:\/\/www.progettoindaco.it\/coorte-nati\/wp-content\/uploads\/2024\/03\/Little-queen-300x300.png 300w, https:\/\/www.progettoindaco.it\/coorte-nati\/wp-content\/uploads\/2024\/03\/Little-queen-150x150.png 150w, https:\/\/www.progettoindaco.it\/coorte-nati\/wp-content\/uploads\/2024\/03\/Little-queen-768x768.png 768w\" sizes=\"(max-width: 640px) 100vw, 640px\" \/><\/noscript><\/div><!-- Story Title --><div class=\"twae-title twae-title twae-title twae-title twae-title twae-title\">6. Compilazione del questionario 1 anno<\/div><!-- Story Description --><div class=\"twae-description twae-description twae-description twae-description twae-description twae-description\"><p>A partire dal primo compleanno del bambino sar\u00e0 possibile compilare il questionario che riguarda la crescita, lo sviluppo e la salute del bambino.<\/p><\/div><\/div><\/div><\/div><\/div><\/div> <!-- Add Arrows -->\n       <div class=\"twae-button-prev\"><i class=\"fas fa-chevron-left\"><\/i><\/div>\n       <div class=\"twae-button-next\"><i class=\"fas fa-chevron-right\"><\/i><\/div>\n       <div class=\"twae-h-line\"><\/div>\n       <div class=\"twae-line-fill\"><\/div>\n    <\/div><style type=\"text\/css\">@media (max-width: 1024px){ .twae-wrapper{--tw-ybx-size: 75px !important;}}@media (max-width: 767px){ .twae-wrapper{--tw-ybx-size: 75px !important}}<\/style>\t\t\t\t<\/div>\n\t\t\t\t<\/div>\n\t\t\t\t\t<\/div>\n\t\t\t\t<\/div>\n\t\t<div class=\"elementor-element elementor-element-9f04715 e-flex e-con-boxed e-con e-parent\" data-id=\"9f04715\" data-element_type=\"container\">\n\t\t\t\t\t<div class=\"e-con-inner\">\n\t\t<div class=\"elementor-element elementor-element-bc60af6 e-con-full e-flex e-con e-child\" data-id=\"bc60af6\" data-element_type=\"container\">\n\t\t\t\t<div class=\"elementor-element elementor-element-056a900 elementor-widget elementor-widget-accordion\" data-id=\"056a900\" data-element_type=\"widget\" data-settings=\"{&quot;motion_fx_motion_fx_mouse&quot;:&quot;yes&quot;}\" data-widget_type=\"accordion.default\">\n\t\t\t\t<div class=\"elementor-widget-container\">\n\t\t\t\t\t\t\t<div class=\"elementor-accordion\">\n\t\t\t\t\t\t\t<div class=\"elementor-accordion-item\">\n\t\t\t\t\t<div id=\"elementor-tab-title-5671\" class=\"elementor-tab-title\" data-tab=\"1\" role=\"button\" aria-controls=\"elementor-tab-content-5671\" aria-expanded=\"false\">\n\t\t\t\t\t\t\t\t\t\t\t\t\t<span class=\"elementor-accordion-icon elementor-accordion-icon-right\" aria-hidden=\"true\">\n\t\t\t\t\t\t\t\t\t\t\t\t\t\t\t<span class=\"elementor-accordion-icon-closed\"><i class=\"fas fa-angle-down\"><\/i><\/span>\n\t\t\t\t\t\t\t\t<span class=\"elementor-accordion-icon-opened\"><i class=\"fas fa-angle-up\"><\/i><\/span>\n\t\t\t\t\t\t\t\t\t\t\t\t\t\t<\/span>\n\t\t\t\t\t\t\t\t\t\t\t\t<a class=\"elementor-accordion-title\" tabindex=\"0\">Cosa \u00e8 il progetto INDACO - Coorte dei nati? <\/a>\n\t\t\t\t\t<\/div>\n\t\t\t\t\t<div id=\"elementor-tab-content-5671\" class=\"elementor-tab-content elementor-clearfix\" data-tab=\"1\" role=\"region\" aria-labelledby=\"elementor-tab-title-5671\">Il progetto INDACO \u2013 Coorte dei nati (Indagine Coorte Nati Sin Valle del Sacco) \u00e8 finanziato dal Ministero dell\u2019Ambiente e dalla Regione Lazio. Il protocollo dello studio \u00e8 stato approvato dal Comitato Etico dell\u2019Ospedale Pediatrico Bambino Ges\u00f9 (prot. 174 del 5\/4\/2024).\n\nL\u2019obiettivo del progetto \u00e8 <strong>seguire nel tempo i bambini nati nel SIN Valle del Sacco dalla nascita fino al primo anno di vita (con la possibilit\u00e0 di estendere il follow-up anche agli anni successivi) <\/strong>valutando il loro stato di salute in relazione all\u2019esposizione a fattori di rischio ambientali presenti nell\u2019area.\n\nIl progetto consiste nell\u2019arruolamento volontario di circa 500 donne in gravidanza, residenti nel SIN, nella la raccolta di informazioni anagrafiche, socio-demografiche, sugli stili di vita, sulla salute e sulle esposizioni ambientali in et\u00e0 precoce attraverso alcuni questionari online, e nella raccolta di campioni biologici (saliva, capelli, unghie).<\/div>\n\t\t\t\t<\/div>\n\t\t\t\t\t\t\t<div class=\"elementor-accordion-item\">\n\t\t\t\t\t<div id=\"elementor-tab-title-5672\" class=\"elementor-tab-title\" data-tab=\"2\" role=\"button\" aria-controls=\"elementor-tab-content-5672\" aria-expanded=\"false\">\n\t\t\t\t\t\t\t\t\t\t\t\t\t<span class=\"elementor-accordion-icon elementor-accordion-icon-right\" aria-hidden=\"true\">\n\t\t\t\t\t\t\t\t\t\t\t\t\t\t\t<span class=\"elementor-accordion-icon-closed\"><i class=\"fas fa-angle-down\"><\/i><\/span>\n\t\t\t\t\t\t\t\t<span class=\"elementor-accordion-icon-opened\"><i class=\"fas fa-angle-up\"><\/i><\/span>\n\t\t\t\t\t\t\t\t\t\t\t\t\t\t<\/span>\n\t\t\t\t\t\t\t\t\t\t\t\t<a class=\"elementor-accordion-title\" tabindex=\"0\">Chi sta portando avanti lo studio e perch\u00e9? <\/a>\n\t\t\t\t\t<\/div>\n\t\t\t\t\t<div id=\"elementor-tab-content-5672\" class=\"elementor-tab-content elementor-clearfix\" data-tab=\"2\" role=\"region\" aria-labelledby=\"elementor-tab-title-5672\"><p>Il Dipartimento di Epidemiologia del Servizio Sanitario Regionale del Lazio, ASL Roma 1 (DEP Lazio) sta conducendo il progetto INDACO \u2013 Coorte dei nati (Indagine Coorte Nati Sin Valle del Sacco)<strong>\u00a0\u2013\u00a0<\/strong>\u201cCoorte di nati nel Sin Valle del Sacco per la valutazione prospettica dello stato di salute dei bambini in relazione ai fattori di rischio ambientali\u201d-\u00a0 nell\u2019ambito dell\u2019Accordo di Programma per la realizzazione degli interventi di messa in sicurezza e bonifica del Sin Valle del Sacco, stipulato dal Ministero dell\u2019Ambiente e dalla Regione Lazio con la determinazione n. G09914 del 27\/07\/2022.<\/p><p>Le attivit\u00e0 previste sono:<\/p><ul><li><strong>arruolare, attraverso l\u2019iscrizione ad una piattaforma dedicata<\/strong>, una coorte di nati residenti nell\u2019area del SIN Valle del Sacco, da seguire nel tempo.<\/li><li><strong>Raccogliere, tramite la compilazione di questionari online, informazioni<\/strong>\u00a0relative alle esposizioni ambientali, agli stili di vita e alla salute delle mamme e dei bambini nei primi 1000 giorni.<\/li><li><strong>Raccogliere campioni biologici<\/strong> (saliva, unghie, capelli) per lo studio dei fattori ambientali e genetici dopo la nascita.<\/li><li><strong>Informare i genitori<\/strong>, attraverso questo sito e attraverso una campagna dedicata, su tutti gli aspetti del progetto: qual \u00e8 la percezione del rischio tra i futuri genitori che risiedono nei comuni del SIN Valle del Sacco? Quali sono i dubbi pi\u00f9 frequenti delle mamme e dei pap\u00e0 che vivono nel Sin Valle del Sacco? Perch\u00e9 partecipare al Coorte di nati INDACO? Quali sono i risultati prodotti da questa ricerca? etc.\u00a0<\/li><\/ul><\/div>\n\t\t\t\t<\/div>\n\t\t\t\t\t\t\t<div class=\"elementor-accordion-item\">\n\t\t\t\t\t<div id=\"elementor-tab-title-5673\" class=\"elementor-tab-title\" data-tab=\"3\" role=\"button\" aria-controls=\"elementor-tab-content-5673\" aria-expanded=\"false\">\n\t\t\t\t\t\t\t\t\t\t\t\t\t<span class=\"elementor-accordion-icon elementor-accordion-icon-right\" aria-hidden=\"true\">\n\t\t\t\t\t\t\t\t\t\t\t\t\t\t\t<span class=\"elementor-accordion-icon-closed\"><i class=\"fas fa-angle-down\"><\/i><\/span>\n\t\t\t\t\t\t\t\t<span class=\"elementor-accordion-icon-opened\"><i class=\"fas fa-angle-up\"><\/i><\/span>\n\t\t\t\t\t\t\t\t\t\t\t\t\t\t<\/span>\n\t\t\t\t\t\t\t\t\t\t\t\t<a class=\"elementor-accordion-title\" tabindex=\"0\">Chi pu\u00f2 partecipare?<\/a>\n\t\t\t\t\t<\/div>\n\t\t\t\t\t<div id=\"elementor-tab-content-5673\" class=\"elementor-tab-content elementor-clearfix\" data-tab=\"3\" role=\"region\" aria-labelledby=\"elementor-tab-title-5673\"><p>Possono partecipare al progetto INDACO \u2013 Coorte dei nati le donne:<\/p><ul><li>in\u00a0<strong>gravidanza<\/strong>;<\/li><li><strong>maggiorenni<\/strong>\u00a0(che abbiano compiuto i 18 anni di et\u00e0);<\/li><li><strong>residenti<\/strong>\u00a0stabilmente (da almeno un anno prima dell\u2019inizio della gravidanza) in uno dei Comuni del SIN Valle del Sacco (In provincia di Roma:\u00a0<strong>Colleferro, Segni, Gavignano e Artena<\/strong>\u00a0\u2013in provincia di Frosinone:\u00a0<strong>Anagni, Arce, Castro dei Volsci, Ceccano, Ceprano, Falvaterra, Ferentino, Frosinone, Morolo, Paliano, Pastena Patrica, Pofi, Sgurgola, Supino<\/strong>);<\/li><li>con una buona comprensione della lingua italiana che servir\u00e0 per compilare i questionari;<\/li><li>con un accesso a internet per iscriversi e compilare poi i questionari;<\/li><li>con un telefono cellulare e un indirizzo di posta elettronica sui quali essere contattate se necessario.\u00a0\u00a0<\/li><\/ul><p>Le gravidanze gemellari o multiple sono un criterio di esclusione.<\/p><\/div>\n\t\t\t\t<\/div>\n\t\t\t\t\t\t\t<div class=\"elementor-accordion-item\">\n\t\t\t\t\t<div id=\"elementor-tab-title-5674\" class=\"elementor-tab-title\" data-tab=\"4\" role=\"button\" aria-controls=\"elementor-tab-content-5674\" aria-expanded=\"false\">\n\t\t\t\t\t\t\t\t\t\t\t\t\t<span class=\"elementor-accordion-icon elementor-accordion-icon-right\" aria-hidden=\"true\">\n\t\t\t\t\t\t\t\t\t\t\t\t\t\t\t<span class=\"elementor-accordion-icon-closed\"><i class=\"fas fa-angle-down\"><\/i><\/span>\n\t\t\t\t\t\t\t\t<span class=\"elementor-accordion-icon-opened\"><i class=\"fas fa-angle-up\"><\/i><\/span>\n\t\t\t\t\t\t\t\t\t\t\t\t\t\t<\/span>\n\t\t\t\t\t\t\t\t\t\t\t\t<a class=\"elementor-accordion-title\" tabindex=\"0\">Perch\u00e9 \u00e8 importante partecipare?<\/a>\n\t\t\t\t\t<\/div>\n\t\t\t\t\t<div id=\"elementor-tab-content-5674\" class=\"elementor-tab-content elementor-clearfix\" data-tab=\"4\" role=\"region\" aria-labelledby=\"elementor-tab-title-5674\"><p><strong>Per contribuire con un po\u2019 del proprio tempo al progresso delle conoscenze mediche, un progresso che si potr\u00e0 in futuro tradurre in un miglioramento della salute delle mamme in gravidanza e dei bambini. <\/strong><\/p><p>Non vi sono benefici diretti per la salute delle partecipanti e dei loro figli; tuttavia partecipando si avr\u00e0 la possibilit\u00e0 di ricevere informazioni sulle buone pratiche utili a favorire il benessere e la salute dei bambini, anche tramite la rete dei pediatri di base del territorio.<\/p><\/div>\n\t\t\t\t<\/div>\n\t\t\t\t\t\t\t<div class=\"elementor-accordion-item\">\n\t\t\t\t\t<div id=\"elementor-tab-title-5675\" class=\"elementor-tab-title\" data-tab=\"5\" role=\"button\" aria-controls=\"elementor-tab-content-5675\" aria-expanded=\"false\">\n\t\t\t\t\t\t\t\t\t\t\t\t\t<span class=\"elementor-accordion-icon elementor-accordion-icon-right\" aria-hidden=\"true\">\n\t\t\t\t\t\t\t\t\t\t\t\t\t\t\t<span class=\"elementor-accordion-icon-closed\"><i class=\"fas fa-angle-down\"><\/i><\/span>\n\t\t\t\t\t\t\t\t<span class=\"elementor-accordion-icon-opened\"><i class=\"fas fa-angle-up\"><\/i><\/span>\n\t\t\t\t\t\t\t\t\t\t\t\t\t\t<\/span>\n\t\t\t\t\t\t\t\t\t\t\t\t<a class=\"elementor-accordion-title\" tabindex=\"0\">Cosa dovr\u00e0 fare chi partecipa? <\/a>\n\t\t\t\t\t<\/div>\n\t\t\t\t\t<div id=\"elementor-tab-content-5675\" class=\"elementor-tab-content elementor-clearfix\" data-tab=\"5\" role=\"region\" aria-labelledby=\"elementor-tab-title-5675\"><p><strong>La partecipazione \u00e8 su base volontaria e in ogni momento si pu\u00f2 decidere di abbandonare lo studio<\/strong>.<\/p><p>Partecipare al progetto implica:<\/p><ul><li><strong>r<\/strong><strong>egistrarsi sulla piattaforma online del progetto<\/strong>, in cui saranno richiesti dati anagrafici e recapiti.<\/li><li><strong>Ricevere messaggi via <\/strong><strong>email<\/strong><strong> e Whatsapp <\/strong>per essere coinvolte e informate sulle varie tappe dello studio.<\/li><li><strong>Compilare on-line sulla piattaforma alcuni questionari <\/strong>nel corso dei primi due anni di partecipazione allo studio. In particolare due questionari riguardanti la mamma (pre-gravidanza e gravidanza) e due questionari riguardanti il\/la bambino\/a (nascita e 1\u00b0 anno).<\/li><li><strong>Acconsentire alla consultazione delle banche dati del Servizio Sanitario Regionale <\/strong>per ottenere informazioni circa eventi sanitari importanti, quali il ricorso al pronto soccorso, l\u2019ospedalizzazione o altri eventi avversi della mamma e del bambino.\u00a0<\/li><li>Essere contattati nel corso degli anni futuri dal personale facente parte dello studio, per rispondere di nuovo ad alcune domande sullo stato di salute del bambino, sul suo sviluppo e sull\u2019esposizione a possibili fattori di rischio.<\/li><li>Essere contattati per poter raccogliere campioni biologici (saliva, capelli e unghie della mamma e del bambino), presso lo studio del proprio Pediatra di Libera Scelta o, in alternativa, auto-prelevati a casa tramite un kit specifico. La raccolta dei campioni biologici avverr\u00e0 previa firma di un consenso informato specifico, richiesto al momento della raccolta stessa.\u00a0<\/li><\/ul><\/div>\n\t\t\t\t<\/div>\n\t\t\t\t\t\t\t<div class=\"elementor-accordion-item\">\n\t\t\t\t\t<div id=\"elementor-tab-title-5676\" class=\"elementor-tab-title\" data-tab=\"6\" role=\"button\" aria-controls=\"elementor-tab-content-5676\" aria-expanded=\"false\">\n\t\t\t\t\t\t\t\t\t\t\t\t\t<span class=\"elementor-accordion-icon elementor-accordion-icon-right\" aria-hidden=\"true\">\n\t\t\t\t\t\t\t\t\t\t\t\t\t\t\t<span class=\"elementor-accordion-icon-closed\"><i class=\"fas fa-angle-down\"><\/i><\/span>\n\t\t\t\t\t\t\t\t<span class=\"elementor-accordion-icon-opened\"><i class=\"fas fa-angle-up\"><\/i><\/span>\n\t\t\t\t\t\t\t\t\t\t\t\t\t\t<\/span>\n\t\t\t\t\t\t\t\t\t\t\t\t<a class=\"elementor-accordion-title\" tabindex=\"0\">Per quale motivo per partecipare \u00e8 necessario fornire il codice fiscale?<\/a>\n\t\t\t\t\t<\/div>\n\t\t\t\t\t<div id=\"elementor-tab-content-5676\" class=\"elementor-tab-content elementor-clearfix\" data-tab=\"6\" role=\"region\" aria-labelledby=\"elementor-tab-title-5676\"><p>Al momento della registrazione sulla piattaforma, per garantire che ad ogni iscrizione corrisponda una e una sola persona fisica, \u00e8 necessario fornire il codice fiscale. In altre parole, questa accortezza serve per garantire che una persona non possa iscriversi pi\u00f9 volte (utilizzando nominativi, indirizzi mail e numeri di telefono diversi) e che ogni iscrizione corrisponda a una persona reale.<\/p><p>Questo \u00e8 molto importante per fa s\u00ec che i risultati dello studio siano solidi e affidabili.<\/p><\/div>\n\t\t\t\t<\/div>\n\t\t\t\t\t\t\t<div class=\"elementor-accordion-item\">\n\t\t\t\t\t<div id=\"elementor-tab-title-5677\" class=\"elementor-tab-title\" data-tab=\"7\" role=\"button\" aria-controls=\"elementor-tab-content-5677\" aria-expanded=\"false\">\n\t\t\t\t\t\t\t\t\t\t\t\t\t<span class=\"elementor-accordion-icon elementor-accordion-icon-right\" aria-hidden=\"true\">\n\t\t\t\t\t\t\t\t\t\t\t\t\t\t\t<span class=\"elementor-accordion-icon-closed\"><i class=\"fas fa-angle-down\"><\/i><\/span>\n\t\t\t\t\t\t\t\t<span class=\"elementor-accordion-icon-opened\"><i class=\"fas fa-angle-up\"><\/i><\/span>\n\t\t\t\t\t\t\t\t\t\t\t\t\t\t<\/span>\n\t\t\t\t\t\t\t\t\t\t\t\t<a class=\"elementor-accordion-title\" tabindex=\"0\">Come saranno trattati i dati personali?  <\/a>\n\t\t\t\t\t<\/div>\n\t\t\t\t\t<div id=\"elementor-tab-content-5677\" class=\"elementor-tab-content elementor-clearfix\" data-tab=\"7\" role=\"region\" aria-labelledby=\"elementor-tab-title-5677\"><p>Le informazioni raccolte nello studio saranno trattate nel rispetto della normativa vigente e le modalit\u00e0 di trattamento e conservazione dei dati personali saranno realizzate in conformit\u00e0 alle previsioni del Reg. UE 2016\/679 \u2013 G.D.P.R. I dati personali saranno trattati elettronicamente garantendo la massima riservatezza e utilizzati esclusivamente per gli scopi di ricerca nell\u2019ambito dello studio. I dati raccolti e i risultati individuali ottenuti non saranno comunicati a terzi al di fuori dell\u2019attivit\u00e0 dello studio in oggetto, saranno pubblicati solo in forma aggregata, quindi completamente anonima, per esclusive finalit\u00e0 di ricerca scientifica.<\/p><\/div>\n\t\t\t\t<\/div>\n\t\t\t\t\t\t\t<div class=\"elementor-accordion-item\">\n\t\t\t\t\t<div id=\"elementor-tab-title-5678\" class=\"elementor-tab-title\" data-tab=\"8\" role=\"button\" aria-controls=\"elementor-tab-content-5678\" aria-expanded=\"false\">\n\t\t\t\t\t\t\t\t\t\t\t\t\t<span class=\"elementor-accordion-icon elementor-accordion-icon-right\" aria-hidden=\"true\">\n\t\t\t\t\t\t\t\t\t\t\t\t\t\t\t<span class=\"elementor-accordion-icon-closed\"><i class=\"fas fa-angle-down\"><\/i><\/span>\n\t\t\t\t\t\t\t\t<span class=\"elementor-accordion-icon-opened\"><i class=\"fas fa-angle-up\"><\/i><\/span>\n\t\t\t\t\t\t\t\t\t\t\t\t\t\t<\/span>\n\t\t\t\t\t\t\t\t\t\t\t\t<a class=\"elementor-accordion-title\" tabindex=\"0\">\u00c8 possibile revocare il proprio consenso alla partecipazione?<\/a>\n\t\t\t\t\t<\/div>\n\t\t\t\t\t<div id=\"elementor-tab-content-5678\" class=\"elementor-tab-content elementor-clearfix\" data-tab=\"8\" role=\"region\" aria-labelledby=\"elementor-tab-title-5678\"><p><strong>Il consenso alla partecipazione al progetto e\u0300 libero ed \u00e8 revocabile in ogni momento<\/strong>, senza obbligo di fornire alcuna giustificazione e senza che questo comporti uno svantaggio o un pregiudizio in relazione alla persona.<\/p><\/div>\n\t\t\t\t<\/div>\n\t\t\t\t\t\t\t<div class=\"elementor-accordion-item\">\n\t\t\t\t\t<div id=\"elementor-tab-title-5679\" class=\"elementor-tab-title\" data-tab=\"9\" role=\"button\" aria-controls=\"elementor-tab-content-5679\" aria-expanded=\"false\">\n\t\t\t\t\t\t\t\t\t\t\t\t\t<span class=\"elementor-accordion-icon elementor-accordion-icon-right\" aria-hidden=\"true\">\n\t\t\t\t\t\t\t\t\t\t\t\t\t\t\t<span class=\"elementor-accordion-icon-closed\"><i class=\"fas fa-angle-down\"><\/i><\/span>\n\t\t\t\t\t\t\t\t<span class=\"elementor-accordion-icon-opened\"><i class=\"fas fa-angle-up\"><\/i><\/span>\n\t\t\t\t\t\t\t\t\t\t\t\t\t\t<\/span>\n\t\t\t\t\t\t\t\t\t\t\t\t<a class=\"elementor-accordion-title\" tabindex=\"0\">Chi contattare in caso di dubbi?<\/a>\n\t\t\t\t\t<\/div>\n\t\t\t\t\t<div id=\"elementor-tab-content-5679\" class=\"elementor-tab-content elementor-clearfix\" data-tab=\"9\" role=\"region\" aria-labelledby=\"elementor-tab-title-5679\"><p>Per ogni problema o per eventuali ulteriori informazioni ci si pu\u00f2 rivolgere al personale del Dipartimento Epidemiologia del S.S.R. del Lazio \u2013 ASL Roma 1, Via Cristoforo Colombo 112, 00147 Roma.<\/p><p><strong>Per saperne di pi\u00f9 su come partecipare:<\/strong><\/p><p>Martina Culasso +39 06 99722191<\/p><p>Paola Lorusso +39 06 99722189<\/p><p>Chelo Greta Salatino +39 06 99722190<\/p><p>Email: <a href=\"mailto:indaconati@deplazio.it\" target=\"_blank\" rel=\"noopener\">indaconati@deplazio.it<\/a><\/p><p><br \/><strong>Referenti scientifici del progetto:<\/strong><\/p><p>Paola Michelozzi, Daniela Porta<\/p><p>Dipartimento Epidemiologia del S.S.R. &#8211; ASL Roma1<\/p><p>Via Cristoforo Colombo 112, 00147 Roma<\/p><\/div>\n\t\t\t\t<\/div>\n\t\t\t\t\t\t\t\t<\/div>\n\t\t\t\t\t\t<\/div>\n\t\t\t\t<\/div>\n\t\t\t\t<\/div>\n\t\t\t\t\t<\/div>\n\t\t\t\t<\/div>\n\t\t<div class=\"elementor-element elementor-element-05420f1 e-flex e-con-boxed e-con e-parent\" data-id=\"05420f1\" data-element_type=\"container\">\n\t\t\t\t\t<div class=\"e-con-inner\">\n\t\t\t\t<div class=\"elementor-element elementor-element-a433356 elementor-widget elementor-widget-video\" data-id=\"a433356\" data-element_type=\"widget\" data-settings=\"{&quot;youtube_url&quot;:&quot;https:\\\/\\\/youtu.be\\\/y6wbGa5CgU8&quot;,&quot;video_type&quot;:&quot;youtube&quot;,&quot;controls&quot;:&quot;yes&quot;}\" data-widget_type=\"video.default\">\n\t\t\t\t<div class=\"elementor-widget-container\">\n\t\t\t\t\t\t\t<div class=\"elementor-wrapper elementor-open-inline\">\n\t\t\t<div class=\"elementor-video\"><\/div>\t\t<\/div>\n\t\t\t\t\t\t<\/div>\n\t\t\t\t<\/div>\n\t\t\t\t\t<\/div>\n\t\t\t\t<\/div>\n\t\t\t\t<section class=\"elementor-section elementor-top-section elementor-element elementor-element-2cf9130 elementor-section-boxed elementor-section-height-default elementor-section-height-default\" data-id=\"2cf9130\" data-element_type=\"section\" data-settings=\"{&quot;shape_divider_bottom&quot;:&quot;mountains&quot;}\">\n\t\t\t\t\t<div class=\"elementor-shape elementor-shape-bottom\" aria-hidden=\"true\" data-negative=\"false\">\n\t\t\t<svg xmlns=\"http:\/\/www.w3.org\/2000\/svg\" viewBox=\"0 0 1000 100\" preserveAspectRatio=\"none\">\n\t<path class=\"elementor-shape-fill\" opacity=\"0.33\" d=\"M473,67.3c-203.9,88.3-263.1-34-320.3,0C66,119.1,0,59.7,0,59.7V0h1000v59.7 c0,0-62.1,26.1-94.9,29.3c-32.8,3.3-62.8-12.3-75.8-22.1C806,49.6,745.3,8.7,694.9,4.7S492.4,59,473,67.3z\"\/>\n\t<path class=\"elementor-shape-fill\" opacity=\"0.66\" d=\"M734,67.3c-45.5,0-77.2-23.2-129.1-39.1c-28.6-8.7-150.3-10.1-254,39.1 s-91.7-34.4-149.2,0C115.7,118.3,0,39.8,0,39.8V0h1000v36.5c0,0-28.2-18.5-92.1-18.5C810.2,18.1,775.7,67.3,734,67.3z\"\/>\n\t<path class=\"elementor-shape-fill\" d=\"M766.1,28.9c-200-57.5-266,65.5-395.1,19.5C242,1.8,242,5.4,184.8,20.6C128,35.8,132.3,44.9,89.9,52.5C28.6,63.7,0,0,0,0 h1000c0,0-9.9,40.9-83.6,48.1S829.6,47,766.1,28.9z\"\/>\n<\/svg>\t\t<\/div>\n\t\t\t\t\t<div class=\"elementor-container elementor-column-gap-default\">\n\t\t\t\t\t<div class=\"elementor-column elementor-col-100 elementor-top-column elementor-element elementor-element-ad3d098\" data-id=\"ad3d098\" data-element_type=\"column\">\n\t\t\t<div class=\"elementor-widget-wrap\">\n\t\t\t\t\t\t\t<\/div>\n\t\t<\/div>\n\t\t\t\t\t<\/div>\n\t\t<\/section>\n\t\t\t\t<\/div>\n\t\t","protected":false},"excerpt":{"rendered":"<p>Partecipa al progetto CHI PU\u00d2 PARTECIPARE? Le donne in gravidanza (tranne le gravidanze gemellari), maggiorenni e residenti in uno dei Comuni del SIN Valle del Sacco: Anagni, Arce, Artena, Castro dei Volsci, Ceccano, Ceprano, Colleferro, Falvaterra, Ferentino, Frosinone, Gavignano, Morolo, Paliano, Pastena, Patrica, Pofi, Segni, Sgurgola, Supino. COSA SIGNIFICA PARTECIPARE? La partecipazione \u00e8 libera e [&hellip;]<\/p>\n","protected":false},"author":1,"featured_media":0,"parent":0,"menu_order":2,"comment_status":"closed","ping_status":"closed","template":"","meta":{"inline_featured_image":false,"footnotes":""},"class_list":["post-15","page","type-page","status-publish","hentry"],"_links":{"self":[{"href":"https:\/\/www.progettoindaco.it\/coorte-nati\/wp-json\/wp\/v2\/pages\/15","targetHints":{"allow":["GET"]}}],"collection":[{"href":"https:\/\/www.progettoindaco.it\/coorte-nati\/wp-json\/wp\/v2\/pages"}],"about":[{"href":"https:\/\/www.progettoindaco.it\/coorte-nati\/wp-json\/wp\/v2\/types\/page"}],"author":[{"embeddable":true,"href":"https:\/\/www.progettoindaco.it\/coorte-nati\/wp-json\/wp\/v2\/users\/1"}],"replies":[{"embeddable":true,"href":"https:\/\/www.progettoindaco.it\/coorte-nati\/wp-json\/wp\/v2\/comments?post=15"}],"version-history":[{"count":0,"href":"https:\/\/www.progettoindaco.it\/coorte-nati\/wp-json\/wp\/v2\/pages\/15\/revisions"}],"wp:attachment":[{"href":"https:\/\/www.progettoindaco.it\/coorte-nati\/wp-json\/wp\/v2\/media?parent=15"}],"curies":[{"name":"wp","href":"https:\/\/api.w.org\/{rel}","templated":true}]}}