{"id":753,"date":"2023-11-14T15:18:17","date_gmt":"2023-11-14T14:18:17","guid":{"rendered":"https:\/\/www.progettoindaco.it\/coorte-nati\/?page_id=753"},"modified":"2024-10-07T13:08:25","modified_gmt":"2024-10-07T11:08:25","slug":"il-progetto","status":"publish","type":"page","link":"https:\/\/www.progettoindaco.it\/coorte-nati\/il-progetto\/","title":{"rendered":"Il Progetto"},"content":{"rendered":"\t\t<div data-elementor-type=\"wp-page\" data-elementor-id=\"753\" class=\"elementor elementor-753\" data-elementor-post-type=\"page\">\n\t\t\t\t\t\t<section class=\"elementor-section elementor-top-section elementor-element elementor-element-eb56d15 elementor-section-boxed elementor-section-height-default elementor-section-height-default\" data-id=\"eb56d15\" data-element_type=\"section\" data-settings=\"{&quot;shape_divider_top&quot;:&quot;mountains&quot;}\">\n\t\t\t\t\t<div class=\"elementor-shape elementor-shape-top\" aria-hidden=\"true\" data-negative=\"false\">\n\t\t\t<svg xmlns=\"http:\/\/www.w3.org\/2000\/svg\" viewBox=\"0 0 1000 100\" preserveAspectRatio=\"none\">\n\t<path class=\"elementor-shape-fill\" opacity=\"0.33\" d=\"M473,67.3c-203.9,88.3-263.1-34-320.3,0C66,119.1,0,59.7,0,59.7V0h1000v59.7 c0,0-62.1,26.1-94.9,29.3c-32.8,3.3-62.8-12.3-75.8-22.1C806,49.6,745.3,8.7,694.9,4.7S492.4,59,473,67.3z\"\/>\n\t<path class=\"elementor-shape-fill\" opacity=\"0.66\" d=\"M734,67.3c-45.5,0-77.2-23.2-129.1-39.1c-28.6-8.7-150.3-10.1-254,39.1 s-91.7-34.4-149.2,0C115.7,118.3,0,39.8,0,39.8V0h1000v36.5c0,0-28.2-18.5-92.1-18.5C810.2,18.1,775.7,67.3,734,67.3z\"\/>\n\t<path class=\"elementor-shape-fill\" d=\"M766.1,28.9c-200-57.5-266,65.5-395.1,19.5C242,1.8,242,5.4,184.8,20.6C128,35.8,132.3,44.9,89.9,52.5C28.6,63.7,0,0,0,0 h1000c0,0-9.9,40.9-83.6,48.1S829.6,47,766.1,28.9z\"\/>\n<\/svg>\t\t<\/div>\n\t\t\t\t\t<div class=\"elementor-container elementor-column-gap-default\">\n\t\t\t\t\t<div class=\"elementor-column elementor-col-100 elementor-top-column elementor-element elementor-element-955d393\" data-id=\"955d393\" data-element_type=\"column\">\n\t\t\t<div class=\"elementor-widget-wrap\">\n\t\t\t\t\t\t\t<\/div>\n\t\t<\/div>\n\t\t\t\t\t<\/div>\n\t\t<\/section>\n\t\t\t\t<section class=\"elementor-section elementor-top-section elementor-element elementor-element-5eae4fa elementor-section-boxed elementor-section-height-default elementor-section-height-default\" data-id=\"5eae4fa\" data-element_type=\"section\">\n\t\t\t\t\t\t<div class=\"elementor-container elementor-column-gap-default\">\n\t\t\t\t\t<div class=\"elementor-column elementor-col-33 elementor-top-column elementor-element elementor-element-8b705cb\" data-id=\"8b705cb\" data-element_type=\"column\">\n\t\t\t<div class=\"elementor-widget-wrap elementor-element-populated\">\n\t\t\t\t\t\t<div class=\"elementor-element elementor-element-9d7b349 lil-line elementor-widget elementor-widget-heading\" data-id=\"9d7b349\" data-element_type=\"widget\" data-widget_type=\"heading.default\">\n\t\t\t\t<div class=\"elementor-widget-container\">\n\t\t\t\t\t<h2 class=\"elementor-heading-title elementor-size-default\">INDACO - Coorte dei nati<\/h2>\t\t\t\t<\/div>\n\t\t\t\t<\/div>\n\t\t\t\t\t<\/div>\n\t\t<\/div>\n\t\t\t\t<div class=\"elementor-column elementor-col-66 elementor-top-column elementor-element elementor-element-a0e1f56\" data-id=\"a0e1f56\" data-element_type=\"column\">\n\t\t\t<div class=\"elementor-widget-wrap elementor-element-populated\">\n\t\t\t\t\t\t<div class=\"elementor-element elementor-element-4a8ebce elementor-widget elementor-widget-text-editor\" data-id=\"4a8ebce\" data-element_type=\"widget\" data-widget_type=\"text-editor.default\">\n\t\t\t\t<div class=\"elementor-widget-container\">\n\t\t\t\t\t\t\t\t\t<p><span style=\"font-weight: 400;\">La Valle del fiume Sacco \u00e8 soggetta da tempo a pressioni ambientali dovute anche alla presenza di numerose attivit\u00e0 industriali. Nel 2005 \u00e8 stato dichiarato lo stato di emergenza socio-ambientale e la Valle del Sacco \u00e8 stata inserita tra i SIN.<\/span><\/p><blockquote><p><strong>Per saperne di pi\u00f9<br \/><\/strong><a href=\"https:\/\/www.progettoindaco.it\/il-sin-valle-del-sacco\/\" target=\"_blank\" rel=\"noopener\"><span style=\"font-weight: 400;\">Vai al SIN Valle del Sacco<\/span><\/a><\/p><\/blockquote><p><span style=\"font-weight: 400;\">Sono stati e sono ancora oggi tanti i dubbi della comunit\u00e0 sugli effetti che i contaminanti ambientali presenti sul territorio della Valle del Sacco possono avere sulla salute delle persone che vivono e risiedono nel SIN.\u00a0<\/span><\/p><p><span style=\"font-weight: 400;\">\u00c8 in questo contesto che il progetto INDACO \u2013 Coorte dei nati, condotto dal DEP Lazio, sta indagando il ruolo delle esposizioni ambientali pre- e post-natali sulla salute<\/span> dei bambini concepiti e nati nel SIN Valle del Sacco ed esposti alle criticit\u00e0 ambientali del territorio.<\/p><p><span style=\"font-weight: 400;\">I risultati dello studio forniranno nuove informazioni sullo sviluppo e la salute dei bambini che nascono e crescono nel territorio del SIN Valle del Sacco, contribuendo ad informare la comunit\u00e0 su come migliorare la vita dei bambini e quella delle loro famiglie. Questi risultati sono i primo passo per comprendere l&#8217;effetto sulla salute delle esposizioni agli inquinanti che caratterizzano il SIN Valle del Sacco.\u00a0<\/span><\/p><p>\u00a0<\/p>\t\t\t\t\t\t\t\t<\/div>\n\t\t\t\t<\/div>\n\t\t\t\t<div class=\"elementor-element elementor-element-1668699 elementor-widget elementor-widget-accordion\" data-id=\"1668699\" data-element_type=\"widget\" data-widget_type=\"accordion.default\">\n\t\t\t\t<div class=\"elementor-widget-container\">\n\t\t\t\t\t\t\t<div class=\"elementor-accordion\">\n\t\t\t\t\t\t\t<div class=\"elementor-accordion-item\">\n\t\t\t\t\t<div id=\"elementor-tab-title-2341\" class=\"elementor-tab-title\" data-tab=\"1\" role=\"button\" aria-controls=\"elementor-tab-content-2341\" aria-expanded=\"false\">\n\t\t\t\t\t\t\t\t\t\t\t\t<a class=\"elementor-accordion-title\" tabindex=\"0\">Valutare la relazione tra esposizioni ambientali nei SIN e salute >><\/a>\n\t\t\t\t\t<\/div>\n\t\t\t\t\t<div id=\"elementor-tab-content-2341\" class=\"elementor-tab-content elementor-clearfix\" data-tab=\"1\" role=\"region\" aria-labelledby=\"elementor-tab-title-2341\"><p>Grazie a ricerche pregresse sappiamo che l&#8217;esposizione precoce agli inquinanti ambientali nei primi 1000 giorni di vita (dal concepimento ai primi due anni della bambina e del bambino) \u00e8 associata a esiti specifici sulla salute mentale, lo sviluppo cognitivo, la salute respiratoria e il rischio di malattie metaboliche. Il progetto INDACO &#8211; Coorte dei nati rappresenta un fondamentale primo passo per valutare gli effetti a lungo termine dell&#8217;esposizione precoce (sin dal concepimento) a inquinanti presenti nella zona del SIN Valle del Sacco. Questo contribuir\u00e0 a fornire una base di conoscenza per future ricerche che esamineranno gli impatti di tali esposizioni sulla salute delle persone adulte negli stessi territori.<\/p><\/div>\n\t\t\t\t<\/div>\n\t\t\t\t\t\t\t\t<\/div>\n\t\t\t\t\t\t<\/div>\n\t\t\t\t<\/div>\n\t\t\t\t\t<\/div>\n\t\t<\/div>\n\t\t\t\t\t<\/div>\n\t\t<\/section>\n\t\t\t\t<section class=\"elementor-section elementor-top-section elementor-element elementor-element-3a3b8a3 elementor-section-boxed elementor-section-height-default elementor-section-height-default\" data-id=\"3a3b8a3\" data-element_type=\"section\">\n\t\t\t\t\t\t<div class=\"elementor-container elementor-column-gap-default\">\n\t\t\t\t\t<div class=\"elementor-column elementor-col-33 elementor-top-column elementor-element elementor-element-16c4feb\" data-id=\"16c4feb\" data-element_type=\"column\">\n\t\t\t<div class=\"elementor-widget-wrap elementor-element-populated\">\n\t\t\t\t\t\t<div class=\"elementor-element elementor-element-eeb6358 elementor-widget__width-initial elementor-view-default elementor-position-block-start elementor-mobile-position-block-start elementor-widget elementor-widget-icon-box\" data-id=\"eeb6358\" data-element_type=\"widget\" data-widget_type=\"icon-box.default\">\n\t\t\t\t<div class=\"elementor-widget-container\">\n\t\t\t\t\t\t\t<div class=\"elementor-icon-box-wrapper\">\n\n\t\t\t\t\t\t<div class=\"elementor-icon-box-icon\">\n\t\t\t\t<a href=\"https:\/\/www.progettoindaco.it\/coorte-nati\/chi-siamo\/\" class=\"elementor-icon\" tabindex=\"-1\" aria-label=\"Chi siamo\">\n\t\t\t\t<i aria-hidden=\"true\" class=\"fas fa-users\"><\/i>\t\t\t\t<\/a>\n\t\t\t<\/div>\n\t\t\t\n\t\t\t\t\t\t<div class=\"elementor-icon-box-content\">\n\n\t\t\t\t\t\t\t\t\t<h4 class=\"elementor-icon-box-title\">\n\t\t\t\t\t\t<a href=\"https:\/\/www.progettoindaco.it\/coorte-nati\/chi-siamo\/\" >\n\t\t\t\t\t\t\tChi siamo\t\t\t\t\t\t<\/a>\n\t\t\t\t\t<\/h4>\n\t\t\t\t\n\t\t\t\t\t\t\t\t\t<p class=\"elementor-icon-box-description\">\n\t\t\t\t\t\tIl DEP Lazio sta conducendo il progetto nell\u2019ambito dell\u2019Accordo di Programma per la realizzazione degli interventi di messa in sicurezza e bonifica del Sin Valle del Sacco, stipulato dal Ministero dell\u2019Ambiente e dalla Regione Lazio con la determinazione n. G09914 del 27\/07\/2022.\t\t\t\t\t<\/p>\n\t\t\t\t\n\t\t\t<\/div>\n\t\t\t\n\t\t<\/div>\n\t\t\t\t\t\t<\/div>\n\t\t\t\t<\/div>\n\t\t\t\t\t<\/div>\n\t\t<\/div>\n\t\t\t\t<div class=\"elementor-column elementor-col-33 elementor-top-column elementor-element elementor-element-1ea179c\" data-id=\"1ea179c\" data-element_type=\"column\">\n\t\t\t<div class=\"elementor-widget-wrap elementor-element-populated\">\n\t\t\t\t\t\t<div class=\"elementor-element elementor-element-2cebd3b elementor-view-default elementor-position-block-start elementor-mobile-position-block-start elementor-widget elementor-widget-icon-box\" data-id=\"2cebd3b\" data-element_type=\"widget\" data-widget_type=\"icon-box.default\">\n\t\t\t\t<div class=\"elementor-widget-container\">\n\t\t\t\t\t\t\t<div class=\"elementor-icon-box-wrapper\">\n\n\t\t\t\t\t\t<div class=\"elementor-icon-box-icon\">\n\t\t\t\t<a href=\"https:\/\/www.progettoindaco.it\/coorte-nati\/perche\/\" class=\"elementor-icon\" tabindex=\"-1\" aria-label=\"Perch\u00e9 partecipare\">\n\t\t\t\t<i aria-hidden=\"true\" class=\"far fa-question-circle\"><\/i>\t\t\t\t<\/a>\n\t\t\t<\/div>\n\t\t\t\n\t\t\t\t\t\t<div class=\"elementor-icon-box-content\">\n\n\t\t\t\t\t\t\t\t\t<h4 class=\"elementor-icon-box-title\">\n\t\t\t\t\t\t<a href=\"https:\/\/www.progettoindaco.it\/coorte-nati\/perche\/\" >\n\t\t\t\t\t\t\tPerch\u00e9 partecipare\t\t\t\t\t\t<\/a>\n\t\t\t\t\t<\/h4>\n\t\t\t\t\n\t\t\t\t\t\t\t\t\t<p class=\"elementor-icon-box-description\">\n\t\t\t\t\t\tIn aree ad elevata pressione ambientale, come il SIN Valle del Sacco, \u00e8 cruciale capire se i contaminanti presenti nell'aria, nei terreni e nell'acqua possano influenzare la salute dei bambini sin dalla fase di concepimento.  Partecipare al progetto significa trovare risposte ai dubbi sugli effetti sulla salute dell\u2019ambiente in cui si vive.\n\t\t\t\t\t<\/p>\n\t\t\t\t\n\t\t\t<\/div>\n\t\t\t\n\t\t<\/div>\n\t\t\t\t\t\t<\/div>\n\t\t\t\t<\/div>\n\t\t\t\t\t<\/div>\n\t\t<\/div>\n\t\t\t\t<div class=\"elementor-column elementor-col-33 elementor-top-column elementor-element elementor-element-634f76a\" data-id=\"634f76a\" data-element_type=\"column\">\n\t\t\t<div class=\"elementor-widget-wrap elementor-element-populated\">\n\t\t\t\t\t\t<div class=\"elementor-element elementor-element-634e7a5 elementor-view-default elementor-position-block-start elementor-mobile-position-block-start elementor-widget elementor-widget-icon-box\" data-id=\"634e7a5\" data-element_type=\"widget\" data-widget_type=\"icon-box.default\">\n\t\t\t\t<div class=\"elementor-widget-container\">\n\t\t\t\t\t\t\t<div class=\"elementor-icon-box-wrapper\">\n\n\t\t\t\t\t\t<div class=\"elementor-icon-box-icon\">\n\t\t\t\t<a href=\"https:\/\/www.progettoindaco.it\/coorte-nati\/obiettivi\/\" class=\"elementor-icon\" tabindex=\"-1\" aria-label=\"Obiettivi del progetto\">\n\t\t\t\t<i aria-hidden=\"true\" class=\"fas fa-stream\"><\/i>\t\t\t\t<\/a>\n\t\t\t<\/div>\n\t\t\t\n\t\t\t\t\t\t<div class=\"elementor-icon-box-content\">\n\n\t\t\t\t\t\t\t\t\t<h4 class=\"elementor-icon-box-title\">\n\t\t\t\t\t\t<a href=\"https:\/\/www.progettoindaco.it\/coorte-nati\/obiettivi\/\" >\n\t\t\t\t\t\t\tObiettivi del progetto\t\t\t\t\t\t<\/a>\n\t\t\t\t\t<\/h4>\n\t\t\t\t\n\t\t\t\t\t\t\t\t\t<p class=\"elementor-icon-box-description\">\n\t\t\t\t\t\tQuali possono essere gli effetti dei contaminanti ambientali presenti nel SIN Valle del Sacco sulla salute durante lo sviluppo fetale e la prima infanzia?  La creazione di una coorte di nati in un'area a rischio ambientale \u00e8 il miglior disegno di studio per investigare l'impatto delle esposizioni pre- e post-natali sulla salute.\t\t\t\t\t<\/p>\n\t\t\t\t\n\t\t\t<\/div>\n\t\t\t\n\t\t<\/div>\n\t\t\t\t\t\t<\/div>\n\t\t\t\t<\/div>\n\t\t\t\t\t<\/div>\n\t\t<\/div>\n\t\t\t\t\t<\/div>\n\t\t<\/section>\n\t\t<div class=\"elementor-element elementor-element-51400f3 e-flex e-con-boxed e-con e-parent\" data-id=\"51400f3\" data-element_type=\"container\">\n\t\t\t\t\t<div class=\"e-con-inner\">\n\t\t\t\t<div class=\"elementor-element elementor-element-0bce732 elementor-align-center elementor-widget elementor-widget-button\" data-id=\"0bce732\" data-element_type=\"widget\" data-widget_type=\"button.default\">\n\t\t\t\t<div class=\"elementor-widget-container\">\n\t\t\t\t\t\t\t\t\t<div class=\"elementor-button-wrapper\">\n\t\t\t\t\t<a class=\"elementor-button elementor-button-link elementor-size-sm\" href=\"https:\/\/www.progettoindaco.it\/coorte-nati\/partecipa\/\">\n\t\t\t\t\t\t<span class=\"elementor-button-content-wrapper\">\n\t\t\t\t\t\t\t\t\t<span class=\"elementor-button-text\">SCOPRI COME PARTECIPARE<\/span>\n\t\t\t\t\t<\/span>\n\t\t\t\t\t<\/a>\n\t\t\t\t<\/div>\n\t\t\t\t\t\t\t\t<\/div>\n\t\t\t\t<\/div>\n\t\t\t\t<div class=\"elementor-element elementor-element-5902fe5 elementor-widget elementor-widget-video\" data-id=\"5902fe5\" data-element_type=\"widget\" data-settings=\"{&quot;youtube_url&quot;:&quot;https:\\\/\\\/youtu.be\\\/s9o-gHpgUp8&quot;,&quot;video_type&quot;:&quot;youtube&quot;,&quot;controls&quot;:&quot;yes&quot;}\" data-widget_type=\"video.default\">\n\t\t\t\t<div class=\"elementor-widget-container\">\n\t\t\t\t\t\t\t<div class=\"elementor-wrapper elementor-open-inline\">\n\t\t\t<div class=\"elementor-video\"><\/div>\t\t<\/div>\n\t\t\t\t\t\t<\/div>\n\t\t\t\t<\/div>\n\t\t\t\t\t<\/div>\n\t\t\t\t<\/div>\n\t\t\t\t<section class=\"elementor-section elementor-top-section elementor-element elementor-element-0678ab9 elementor-section-boxed elementor-section-height-default elementor-section-height-default\" data-id=\"0678ab9\" data-element_type=\"section\" data-settings=\"{&quot;shape_divider_bottom&quot;:&quot;mountains&quot;}\">\n\t\t\t\t\t<div class=\"elementor-shape elementor-shape-bottom\" aria-hidden=\"true\" data-negative=\"false\">\n\t\t\t<svg xmlns=\"http:\/\/www.w3.org\/2000\/svg\" viewBox=\"0 0 1000 100\" preserveAspectRatio=\"none\">\n\t<path class=\"elementor-shape-fill\" opacity=\"0.33\" d=\"M473,67.3c-203.9,88.3-263.1-34-320.3,0C66,119.1,0,59.7,0,59.7V0h1000v59.7 c0,0-62.1,26.1-94.9,29.3c-32.8,3.3-62.8-12.3-75.8-22.1C806,49.6,745.3,8.7,694.9,4.7S492.4,59,473,67.3z\"\/>\n\t<path class=\"elementor-shape-fill\" opacity=\"0.66\" d=\"M734,67.3c-45.5,0-77.2-23.2-129.1-39.1c-28.6-8.7-150.3-10.1-254,39.1 s-91.7-34.4-149.2,0C115.7,118.3,0,39.8,0,39.8V0h1000v36.5c0,0-28.2-18.5-92.1-18.5C810.2,18.1,775.7,67.3,734,67.3z\"\/>\n\t<path class=\"elementor-shape-fill\" d=\"M766.1,28.9c-200-57.5-266,65.5-395.1,19.5C242,1.8,242,5.4,184.8,20.6C128,35.8,132.3,44.9,89.9,52.5C28.6,63.7,0,0,0,0 h1000c0,0-9.9,40.9-83.6,48.1S829.6,47,766.1,28.9z\"\/>\n<\/svg>\t\t<\/div>\n\t\t\t\t\t<div class=\"elementor-container elementor-column-gap-default\">\n\t\t\t\t\t<div class=\"elementor-column elementor-col-100 elementor-top-column elementor-element elementor-element-24c9746\" data-id=\"24c9746\" data-element_type=\"column\">\n\t\t\t<div class=\"elementor-widget-wrap\">\n\t\t\t\t\t\t\t<\/div>\n\t\t<\/div>\n\t\t\t\t\t<\/div>\n\t\t<\/section>\n\t\t<div class=\"elementor-element elementor-element-0a9221c e-flex e-con-boxed e-con e-parent\" data-id=\"0a9221c\" data-element_type=\"container\">\n\t\t\t\t\t<div class=\"e-con-inner\">\n\t\t\t\t\t<\/div>\n\t\t\t\t<\/div>\n\t\t\t\t<\/div>\n\t\t","protected":false},"excerpt":{"rendered":"<p>INDACO &#8211; Coorte dei nati La Valle del fiume Sacco \u00e8 soggetta da tempo a pressioni ambientali dovute anche alla presenza di numerose attivit\u00e0 industriali. Nel 2005 \u00e8 stato dichiarato lo stato di emergenza socio-ambientale e la Valle del Sacco \u00e8 stata inserita tra i SIN. Per saperne di pi\u00f9Vai al SIN Valle del Sacco [&hellip;]<\/p>\n","protected":false},"author":4,"featured_media":0,"parent":0,"menu_order":0,"comment_status":"closed","ping_status":"closed","template":"","meta":{"inline_featured_image":false,"footnotes":""},"class_list":["post-753","page","type-page","status-publish","hentry"],"_links":{"self":[{"href":"https:\/\/www.progettoindaco.it\/coorte-nati\/wp-json\/wp\/v2\/pages\/753","targetHints":{"allow":["GET"]}}],"collection":[{"href":"https:\/\/www.progettoindaco.it\/coorte-nati\/wp-json\/wp\/v2\/pages"}],"about":[{"href":"https:\/\/www.progettoindaco.it\/coorte-nati\/wp-json\/wp\/v2\/types\/page"}],"author":[{"embeddable":true,"href":"https:\/\/www.progettoindaco.it\/coorte-nati\/wp-json\/wp\/v2\/users\/4"}],"replies":[{"embeddable":true,"href":"https:\/\/www.progettoindaco.it\/coorte-nati\/wp-json\/wp\/v2\/comments?post=753"}],"version-history":[{"count":0,"href":"https:\/\/www.progettoindaco.it\/coorte-nati\/wp-json\/wp\/v2\/pages\/753\/revisions"}],"wp:attachment":[{"href":"https:\/\/www.progettoindaco.it\/coorte-nati\/wp-json\/wp\/v2\/media?parent=753"}],"curies":[{"name":"wp","href":"https:\/\/api.w.org\/{rel}","templated":true}]}}